{"id":90,"date":"2017-09-19T13:04:08","date_gmt":"2017-09-19T13:04:08","guid":{"rendered":"https:\/\/aloe-canarias.com\/?post_type=avada_portfolio&#038;p=90"},"modified":"2017-11-15T09:38:35","modified_gmt":"2017-11-15T09:38:35","slug":"locion-corporal","status":"publish","type":"avada_portfolio","link":"https:\/\/aloe-canarias.com\/de\/catalogo\/locion-corporal\/","title":{"rendered":"K\u00d6RPERLOTION"},"content":{"rendered":"<p><strong>K\u00f6rperlotion<\/strong><\/p>\n<p>Eine Creme f\u00fcr den K\u00f6rper, die sch\u00fctzt und Geschmeidigkeit verleiht, indem sie den Feuchtigkeitsgehalt erh\u00f6ht und sie samtweich macht. Beugt der Hautalterung vor, indem sie ihr wieder Geschmeidigkeit und Elastizit\u00e4t verleiht. Sie erh\u00e4lt sie straff, elastisch und strahlend. Ideal f\u00fcr den ganzen K\u00f6rper.<\/p>\n<p><strong>Wirkstoffe:<\/strong><\/p>\n<ul>\n<li>Aloe Vera Barbadensis:  Abschwellend, sch\u00fctzend und n\u00e4hrend.<\/li>\n<li>Oliven\u00f6l extra virgen:  Bes\u00e4nftigend, sch\u00fctzend und n\u00e4hrend.<\/li>\n<li>Karit\u00e9fett:  Bes\u00e4nftigend, n\u00e4hrend und vermittelt eine nat\u00fcrliche Beruhigung.<\/li>\n<li>S\u00fcsses Mandel\u00f6l:  Hautkur. Eine nat\u00fcrliche Bes\u00e4nftigung. Sch\u00fctzend und n\u00e4hrend.<\/li>\n<li>Weizenkeim\u00f6l \u2013 Lavendelextrakt \u2013 Aprikosenextrakt.<\/li>\n<\/ul>\n<p><\/p>","protected":false},"excerpt":{"rendered":"<p>K\u00f6rperlotion Eine Creme f\u00fcr den K\u00f6rper, die sch\u00fctzt und Geschmeidigkeit  [&#8230;]<\/p>\n","protected":false},"author":1,"featured_media":232,"menu_order":0,"comment_status":"open","ping_status":"closed","template":"","format":"standard","meta":{"footnotes":""},"portfolio_category":[4],"portfolio_skills":[],"portfolio_tags":[],"class_list":["post-90","avada_portfolio","type-avada_portfolio","status-publish","format-standard","has-post-thumbnail","hentry","portfolio_category-linea-corporal"],"yoast_head":"<!-- This site is optimized with the Yoast SEO plugin v27.5 - https:\/\/yoast.com\/product\/yoast-seo-wordpress\/ -->\n<title>K\u00d6RPERLOTION - Aloe+ Canarias<\/title>\n<meta name=\"robots\" content=\"index, follow, max-snippet:-1, max-image-preview:large, max-video-preview:-1\" \/>\n<link rel=\"canonical\" href=\"https:\/\/aloe-canarias.com\/catalogo\/locion-corporal\/\" \/>\n<meta property=\"og:locale\" content=\"de_DE\" \/>\n<meta property=\"og:type\" content=\"article\" \/>\n<meta property=\"og:title\" content=\"K\u00d6RPERLOTION - Aloe+ Canarias\" \/>\n<meta property=\"og:description\" content=\"K\u00f6rperlotion Eine Creme f\u00fcr den K\u00f6rper, die sch\u00fctzt und Geschmeidigkeit [...]\" \/>\n<meta property=\"og:url\" content=\"https:\/\/aloe-canarias.com\/catalogo\/locion-corporal\/\" \/>\n<meta property=\"og:site_name\" content=\"Aloe+ Canarias\" \/>\n<meta property=\"article:modified_time\" content=\"2017-11-15T09:38:35+00:00\" \/>\n<meta property=\"og:image\" content=\"https:\/\/aloe-canarias.com\/wp-content\/uploads\/2017\/09\/bodeylotion250ml-1000x1000.jpg\" \/>\n\t<meta property=\"og:image:width\" content=\"1000\" \/>\n\t<meta property=\"og:image:height\" content=\"1000\" \/>\n\t<meta property=\"og:image:type\" content=\"image\/jpeg\" \/>\n<meta name=\"twitter:card\" content=\"summary_large_image\" \/>\n<meta name=\"twitter:label1\" content=\"Gesch\u00e4tzte Lesezeit\" \/>\n\t<meta name=\"twitter:data1\" content=\"1\u00a0Minute\" \/>\n<script type=\"application\/ld+json\" class=\"yoast-schema-graph\">{\"@context\":\"https:\\\/\\\/schema.org\",\"@graph\":[{\"@type\":\"WebPage\",\"@id\":\"https:\\\/\\\/aloe-canarias.com\\\/catalogo\\\/locion-corporal\\\/\",\"url\":\"https:\\\/\\\/aloe-canarias.com\\\/catalogo\\\/locion-corporal\\\/\",\"name\":\"K\u00d6RPERLOTION - Aloe+ Canarias\",\"isPartOf\":{\"@id\":\"https:\\\/\\\/aloe-canarias.com\\\/#website\"},\"primaryImageOfPage\":{\"@id\":\"https:\\\/\\\/aloe-canarias.com\\\/catalogo\\\/locion-corporal\\\/#primaryimage\"},\"image\":{\"@id\":\"https:\\\/\\\/aloe-canarias.com\\\/catalogo\\\/locion-corporal\\\/#primaryimage\"},\"thumbnailUrl\":\"https:\\\/\\\/aloe-canarias.com\\\/wp-content\\\/uploads\\\/2017\\\/09\\\/bodeylotion250ml-1000x1000.jpg\",\"datePublished\":\"2017-09-19T13:04:08+00:00\",\"dateModified\":\"2017-11-15T09:38:35+00:00\",\"breadcrumb\":{\"@id\":\"https:\\\/\\\/aloe-canarias.com\\\/catalogo\\\/locion-corporal\\\/#breadcrumb\"},\"inLanguage\":\"de\",\"potentialAction\":[{\"@type\":\"ReadAction\",\"target\":[\"https:\\\/\\\/aloe-canarias.com\\\/catalogo\\\/locion-corporal\\\/\"]}]},{\"@type\":\"ImageObject\",\"inLanguage\":\"de\",\"@id\":\"https:\\\/\\\/aloe-canarias.com\\\/catalogo\\\/locion-corporal\\\/#primaryimage\",\"url\":\"https:\\\/\\\/aloe-canarias.com\\\/wp-content\\\/uploads\\\/2017\\\/09\\\/bodeylotion250ml-1000x1000.jpg\",\"contentUrl\":\"https:\\\/\\\/aloe-canarias.com\\\/wp-content\\\/uploads\\\/2017\\\/09\\\/bodeylotion250ml-1000x1000.jpg\",\"width\":1000,\"height\":1000},{\"@type\":\"BreadcrumbList\",\"@id\":\"https:\\\/\\\/aloe-canarias.com\\\/catalogo\\\/locion-corporal\\\/#breadcrumb\",\"itemListElement\":[{\"@type\":\"ListItem\",\"position\":1,\"name\":\"Portada\",\"item\":\"https:\\\/\\\/aloe-canarias.com\\\/\"},{\"@type\":\"ListItem\",\"position\":2,\"name\":\"Portfolio\",\"item\":\"https:\\\/\\\/aloe-canarias.com\\\/catalogo\\\/\"},{\"@type\":\"ListItem\",\"position\":3,\"name\":\"LOCI\u00d3N CORPORAL\"}]},{\"@type\":\"WebSite\",\"@id\":\"https:\\\/\\\/aloe-canarias.com\\\/#website\",\"url\":\"https:\\\/\\\/aloe-canarias.com\\\/\",\"name\":\"Aloe+ Canarias\",\"description\":\"Otro sitio realizado con WordPress\",\"potentialAction\":[{\"@type\":\"SearchAction\",\"target\":{\"@type\":\"EntryPoint\",\"urlTemplate\":\"https:\\\/\\\/aloe-canarias.com\\\/?s={search_term_string}\"},\"query-input\":{\"@type\":\"PropertyValueSpecification\",\"valueRequired\":true,\"valueName\":\"search_term_string\"}}],\"inLanguage\":\"de\"}]}<\/script>\n<!-- \/ Yoast SEO plugin. -->","yoast_head_json":{"title":"K\u00d6RPERLOTION - Aloe+ Canarias","robots":{"index":"index","follow":"follow","max-snippet":"max-snippet:-1","max-image-preview":"max-image-preview:large","max-video-preview":"max-video-preview:-1"},"canonical":"https:\/\/aloe-canarias.com\/catalogo\/locion-corporal\/","og_locale":"de_DE","og_type":"article","og_title":"K\u00d6RPERLOTION - Aloe+ Canarias","og_description":"K\u00f6rperlotion Eine Creme f\u00fcr den K\u00f6rper, die sch\u00fctzt und Geschmeidigkeit [...]","og_url":"https:\/\/aloe-canarias.com\/catalogo\/locion-corporal\/","og_site_name":"Aloe+ Canarias","article_modified_time":"2017-11-15T09:38:35+00:00","og_image":[{"width":1000,"height":1000,"url":"https:\/\/aloe-canarias.com\/wp-content\/uploads\/2017\/09\/bodeylotion250ml-1000x1000.jpg","type":"image\/jpeg"}],"twitter_card":"summary_large_image","twitter_misc":{"Gesch\u00e4tzte Lesezeit":"1\u00a0Minute"},"schema":{"@context":"https:\/\/schema.org","@graph":[{"@type":"WebPage","@id":"https:\/\/aloe-canarias.com\/catalogo\/locion-corporal\/","url":"https:\/\/aloe-canarias.com\/catalogo\/locion-corporal\/","name":"K\u00d6RPERLOTION - Aloe+ Canarias","isPartOf":{"@id":"https:\/\/aloe-canarias.com\/#website"},"primaryImageOfPage":{"@id":"https:\/\/aloe-canarias.com\/catalogo\/locion-corporal\/#primaryimage"},"image":{"@id":"https:\/\/aloe-canarias.com\/catalogo\/locion-corporal\/#primaryimage"},"thumbnailUrl":"https:\/\/aloe-canarias.com\/wp-content\/uploads\/2017\/09\/bodeylotion250ml-1000x1000.jpg","datePublished":"2017-09-19T13:04:08+00:00","dateModified":"2017-11-15T09:38:35+00:00","breadcrumb":{"@id":"https:\/\/aloe-canarias.com\/catalogo\/locion-corporal\/#breadcrumb"},"inLanguage":"de","potentialAction":[{"@type":"ReadAction","target":["https:\/\/aloe-canarias.com\/catalogo\/locion-corporal\/"]}]},{"@type":"ImageObject","inLanguage":"de","@id":"https:\/\/aloe-canarias.com\/catalogo\/locion-corporal\/#primaryimage","url":"https:\/\/aloe-canarias.com\/wp-content\/uploads\/2017\/09\/bodeylotion250ml-1000x1000.jpg","contentUrl":"https:\/\/aloe-canarias.com\/wp-content\/uploads\/2017\/09\/bodeylotion250ml-1000x1000.jpg","width":1000,"height":1000},{"@type":"BreadcrumbList","@id":"https:\/\/aloe-canarias.com\/catalogo\/locion-corporal\/#breadcrumb","itemListElement":[{"@type":"ListItem","position":1,"name":"Portada","item":"https:\/\/aloe-canarias.com\/"},{"@type":"ListItem","position":2,"name":"Portfolio","item":"https:\/\/aloe-canarias.com\/catalogo\/"},{"@type":"ListItem","position":3,"name":"LOCI\u00d3N CORPORAL"}]},{"@type":"WebSite","@id":"https:\/\/aloe-canarias.com\/#website","url":"https:\/\/aloe-canarias.com\/","name":"Aloe+ Canarias","description":"Otro sitio realizado con WordPress","potentialAction":[{"@type":"SearchAction","target":{"@type":"EntryPoint","urlTemplate":"https:\/\/aloe-canarias.com\/?s={search_term_string}"},"query-input":{"@type":"PropertyValueSpecification","valueRequired":true,"valueName":"search_term_string"}}],"inLanguage":"de"}]}},"_links":{"self":[{"href":"https:\/\/aloe-canarias.com\/de\/wp-json\/wp\/v2\/avada_portfolio\/90","targetHints":{"allow":["GET"]}}],"collection":[{"href":"https:\/\/aloe-canarias.com\/de\/wp-json\/wp\/v2\/avada_portfolio"}],"about":[{"href":"https:\/\/aloe-canarias.com\/de\/wp-json\/wp\/v2\/types\/avada_portfolio"}],"author":[{"embeddable":true,"href":"https:\/\/aloe-canarias.com\/de\/wp-json\/wp\/v2\/users\/1"}],"replies":[{"embeddable":true,"href":"https:\/\/aloe-canarias.com\/de\/wp-json\/wp\/v2\/comments?post=90"}],"version-history":[{"count":4,"href":"https:\/\/aloe-canarias.com\/de\/wp-json\/wp\/v2\/avada_portfolio\/90\/revisions"}],"predecessor-version":[{"id":204,"href":"https:\/\/aloe-canarias.com\/de\/wp-json\/wp\/v2\/avada_portfolio\/90\/revisions\/204"}],"wp:featuredmedia":[{"embeddable":true,"href":"https:\/\/aloe-canarias.com\/de\/wp-json\/wp\/v2\/media\/232"}],"wp:attachment":[{"href":"https:\/\/aloe-canarias.com\/de\/wp-json\/wp\/v2\/media?parent=90"}],"wp:term":[{"taxonomy":"portfolio_category","embeddable":true,"href":"https:\/\/aloe-canarias.com\/de\/wp-json\/wp\/v2\/portfolio_category?post=90"},{"taxonomy":"portfolio_skills","embeddable":true,"href":"https:\/\/aloe-canarias.com\/de\/wp-json\/wp\/v2\/portfolio_skills?post=90"},{"taxonomy":"portfolio_tags","embeddable":true,"href":"https:\/\/aloe-canarias.com\/de\/wp-json\/wp\/v2\/portfolio_tags?post=90"}],"curies":[{"name":"wp","href":"https:\/\/api.w.org\/{rel}","templated":true}]}}